{"id":3911,"date":"2026-04-24T11:23:56","date_gmt":"2026-04-24T09:23:56","guid":{"rendered":"https:\/\/tamara.aplikacije.hr\/?post_type=courses&#038;p=3911"},"modified":"2026-04-24T11:23:57","modified_gmt":"2026-04-24T09:23:57","slug":"deutsch-in-der-pflege-mit-dialogen-a1a2","status":"publish","type":"courses","link":"https:\/\/tamara.aplikacije.hr\/hr\/kurse\/deutsch-in-der-pflege-mit-dialogen-a1a2\/","title":{"rendered":"Njema\u010dki u njezi uz dijaloge (A1\u2013A2+)"},"content":{"rendered":"<p>Te\u010daj temeljen na stvarnim svakodnevnim situacijama u njezi, s dijalozima koje govore izvorni govornici. Obuhva\u0107a 20 tipi\u010dnih situacija i prate\u0107e zadatke za razvoj razumijevanja i komunikacijskih vje\u0161tina.<\/p>\n<p><strong>Kome je te\u010daj namijenjen<\/strong><\/p>\n<p>Te\u010daj je namijenjen njegovateljicama i njegovateljima bez predznanja ili s osnovnim znanjem njema\u010dkog jezika (A1) koji \u017eele unaprijediti svoju komunikaciju u radu.<\/p>\n<p>Idealan je za one koji ve\u0107 rade u Njema\u010dkoj i \u017eele se osje\u0107ati sigurnije u komunikaciji, ali i za one koji se pripremaju za rad i \u017eele izbje\u0107i nesigurnost u stvarnim situacijama.<\/p>\n<p><strong>Koje teme te\u010daj uklju\u010duje<\/strong><\/p>\n<p>Kroz dijaloge u\u010di\u0161 tipi\u010dne situacije iz svakodnevnog rada u njezi \u2013 od osnovne njege i obroka do komunikacije s korisnicima. Obra\u0111uju se i va\u017ene stru\u010dne teme poput dekubitusa, inkontinencije, lijekova, mobilnosti, vitalnih vrijednosti i demencije.<\/p>\n<p>Sve je usmjereno na praksu \u2013 kako bi razumio\/la korisnika i sigurno reagirao\/la u svakoj situaciji.<\/p>\n<p><strong>\u0160to dobiva\u0161 nakon te\u010daja<\/strong><\/p>\n<p>Razumije\u0161 \u0161to korisnici govore i zna\u0161 kako reagirati u naj\u010de\u0161\u0107im situacijama u njezi.<\/p>\n<p>Komunicira\u0161 sigurnije i s vi\u0161e samopouzdanja, bez \u201cpoga\u0111anja\u201d. Lak\u0161e se snalazi\u0161 u svakodnevnom radu i razumije\u0161 stru\u010dne izraze u praksi. Rezultat je sigurniji rad i zadovoljniji korisnici koji se osje\u0107aju shva\u0107eno i mirno.<\/p>","protected":false},"excerpt":{"rendered":"<p>Ein auf realen Alltagssituationen in der Pflege basierender Kurs mit Dialogen, die von Muttersprachlern gesprochen werden. Er umfasst 20 typische Situationen sowie begleitende Aufgaben zur Entwicklung des H\u00f6rverst\u00e4ndnisses und der Kommunikationsf\u00e4higkeiten. Kome je te\u010daj namijenjen Te\u010daj je namijenjen njegovateljicama i njegovateljima bez predznanja ili s osnovnim znanjem njema\u010dkog jezika (A1) koji \u017eele unaprijediti svoju komunikaciju [&hellip;]<\/p>\n","protected":false},"author":1,"featured_media":3410,"template":"","course-category":[],"course-tag":[],"class_list":["post-3911","courses","type-courses","status-publish","has-post-thumbnail","hentry"],"acf":[],"_links":{"self":[{"href":"https:\/\/tamara.aplikacije.hr\/hr\/wp-json\/wp\/v2\/courses\/3911","targetHints":{"allow":["GET"]}}],"collection":[{"href":"https:\/\/tamara.aplikacije.hr\/hr\/wp-json\/wp\/v2\/courses"}],"about":[{"href":"https:\/\/tamara.aplikacije.hr\/hr\/wp-json\/wp\/v2\/types\/courses"}],"author":[{"embeddable":true,"href":"https:\/\/tamara.aplikacije.hr\/hr\/wp-json\/wp\/v2\/users\/1"}],"version-history":[{"count":3,"href":"https:\/\/tamara.aplikacije.hr\/hr\/wp-json\/wp\/v2\/courses\/3911\/revisions"}],"predecessor-version":[{"id":4256,"href":"https:\/\/tamara.aplikacije.hr\/hr\/wp-json\/wp\/v2\/courses\/3911\/revisions\/4256"}],"wp:featuredmedia":[{"embeddable":true,"href":"https:\/\/tamara.aplikacije.hr\/hr\/wp-json\/wp\/v2\/media\/3410"}],"wp:attachment":[{"href":"https:\/\/tamara.aplikacije.hr\/hr\/wp-json\/wp\/v2\/media?parent=3911"}],"wp:term":[{"taxonomy":"course-category","embeddable":true,"href":"https:\/\/tamara.aplikacije.hr\/hr\/wp-json\/wp\/v2\/course-category?post=3911"},{"taxonomy":"course-tag","embeddable":true,"href":"https:\/\/tamara.aplikacije.hr\/hr\/wp-json\/wp\/v2\/course-tag?post=3911"}],"curies":[{"name":"wp","href":"https:\/\/api.w.org\/{rel}","templated":true}]}}